{"id":461,"date":"2023-01-05T13:08:58","date_gmt":"2023-01-05T13:08:58","guid":{"rendered":"https:\/\/huvikoolid.mulgivald.ee\/abja-muusikakool\/?page_id=461"},"modified":"2026-03-12T11:01:26","modified_gmt":"2026-03-12T09:01:26","slug":"tooplaan","status":"publish","type":"page","link":"https:\/\/huvikoolid.mulgivald.ee\/abja-muusikakool\/tooplaan\/","title":{"rendered":"T\u00f6\u00f6plaan"},"content":{"rendered":"\t\t<div data-elementor-type=\"wp-page\" data-elementor-id=\"461\" class=\"elementor elementor-461\" data-elementor-settings=\"{&quot;ha_cmc_init_switcher&quot;:&quot;no&quot;}\" data-elementor-post-type=\"page\">\n\t\t\t\t\t\t<section class=\"elementor-section elementor-top-section elementor-element elementor-element-031baa1 elementor-section-boxed elementor-section-height-default elementor-section-height-default\" data-id=\"031baa1\" data-element_type=\"section\" data-e-type=\"section\" data-settings=\"{&quot;background_background&quot;:&quot;classic&quot;,&quot;jet_parallax_layout_list&quot;:[]}\">\n\t\t\t\t\t\t\t<div class=\"elementor-background-overlay\"><\/div>\n\t\t\t\t\t\t\t<div class=\"elementor-container elementor-column-gap-default\">\n\t\t\t\t\t<div class=\"elementor-column elementor-col-100 elementor-top-column elementor-element elementor-element-81267ba\" data-id=\"81267ba\" data-element_type=\"column\" data-e-type=\"column\">\n\t\t\t<div class=\"elementor-widget-wrap elementor-element-populated\">\n\t\t\t\t\t\t<div class=\"elementor-element elementor-element-7a18c9f elementor-invisible elementor-widget elementor-widget-heading\" data-id=\"7a18c9f\" data-element_type=\"widget\" data-e-type=\"widget\" data-settings=\"{&quot;_animation_delay&quot;:&quot;200&quot;,&quot;_animation&quot;:&quot;fadeInUp&quot;}\" data-widget_type=\"heading.default\">\n\t\t\t\t<div class=\"elementor-widget-container\">\n\t\t\t\t\t<h1 class=\"elementor-heading-title elementor-size-default\">ABJA MUUSIKAKOOLI T\u00d6\u00d6PLAAN<\/h1>\t\t\t\t<\/div>\n\t\t\t\t<\/div>\n\t\t\t\t<div class=\"elementor-element elementor-element-aa2418e elementor-invisible elementor-widget elementor-widget-heading\" data-id=\"aa2418e\" data-element_type=\"widget\" data-e-type=\"widget\" data-settings=\"{&quot;_animation_delay&quot;:&quot;200&quot;,&quot;_animation&quot;:&quot;fadeInUp&quot;}\" data-widget_type=\"heading.default\">\n\t\t\t\t<div class=\"elementor-widget-container\">\n\t\t\t\t\t<h1 class=\"elementor-heading-title elementor-size-default\">2025\/2026 II poolaasta<\/h1>\t\t\t\t<\/div>\n\t\t\t\t<\/div>\n\t\t\t\t\t<\/div>\n\t\t<\/div>\n\t\t\t\t\t<\/div>\n\t\t<\/section>\n\t\t\t\t<section class=\"elementor-section elementor-top-section elementor-element elementor-element-e3b6b03 elementor-section-boxed elementor-section-height-default elementor-section-height-default\" data-id=\"e3b6b03\" data-element_type=\"section\" data-e-type=\"section\" data-settings=\"{&quot;jet_parallax_layout_list&quot;:[]}\">\n\t\t\t\t\t\t<div class=\"elementor-container elementor-column-gap-default\">\n\t\t\t\t\t<div class=\"elementor-column elementor-col-100 elementor-top-column elementor-element elementor-element-691d996\" data-id=\"691d996\" data-element_type=\"column\" data-e-type=\"column\">\n\t\t\t<div class=\"elementor-widget-wrap elementor-element-populated\">\n\t\t\t\t\t\t<div class=\"elementor-element elementor-element-f8dc910 elementor-widget elementor-widget-text-editor\" data-id=\"f8dc910\" data-element_type=\"widget\" data-e-type=\"widget\" data-widget_type=\"text-editor.default\">\n\t\t\t\t<div class=\"elementor-widget-container\">\n\t\t\t\t\t\t\t\t\t<table border=\"0\" cellspacing=\"0\" cellpadding=\"7\"><tbody><tr><td colspan=\"4\" align=\"center\">II trimester<\/td><\/tr><tr><td align=\"center\" valign=\"top\">\u00a0<\/td><td align=\"center\" valign=\"top\">\u00a0<\/td><td align=\"center\" valign=\"top\">23.veebruar-01.m\u00e4rts &#8211; VAHEAEG<\/td><td align=\"left\">\u00a0<\/td><\/tr><tr><td align=\"center\" valign=\"top\">Teisip\u00e4ev<\/td><td align=\"center\" valign=\"top\">03.m\u00e4rts 15.00<\/td><td align=\"center\" valign=\"top\">Heliredelite arvestus<\/td><td align=\"left\">\u00a0<\/td><\/tr><tr><td align=\"center\" valign=\"top\">Neljap\u00e4ev<\/td><td align=\"center\" valign=\"top\">\u00a0<\/td><td align=\"center\" valign=\"top\"><p>\u00d5ppen\u00f5ukogu<\/p><p>I klassi \u00f5pilaste kontsert Abja Kultuurimajas<\/p><\/td><td align=\"left\">\u00a0<\/td><\/tr><tr><td align=\"center\" valign=\"top\">\u00a0Reede\u00a0<\/td><td align=\"center\" valign=\"top\">\u00a006.m\u00e4rts\u00a0<\/td><td align=\"center\" valign=\"top\">\u00a0EML l\u00f6\u00f6kpillim\u00e4ngijate konkurss\u00a0<\/td><td align=\"left\">\u00a0<\/td><\/tr><tr><td align=\"center\" valign=\"top\">\u00a0<\/td><td align=\"center\" valign=\"top\">\u00a0<\/td><td style=\"text-align: left;\" align=\"center\" valign=\"top\">\u00a0 \u00a0 \u00a0 \u00a0 \u00a0 \u00a0 \u00a0 \u00a0 \u00a0 \u00a0 \u00a0 \u00a0 \u00a0 \u00a0 III trimester<\/td><td align=\"left\">\u00a0<\/td><\/tr><tr><td align=\"center\" valign=\"top\">Neljap\u00e4ev\u00a0<\/td><td align=\"center\" valign=\"top\">19.03 k 17.00<\/td><td align=\"center\" valign=\"top\">Orkestriosakonna \u00f5pilaste kontsert Abja Kultuurimajas<\/td><td align=\"left\">\u00a0<\/td><\/tr><tr><td align=\"center\" valign=\"top\">P\u00fchap\u00e4ev<\/td><td align=\"center\" valign=\"top\">15.03<\/td><td align=\"center\" valign=\"top\">EML Kitarri\u00f5pilaste konkurssi l\u00f5ppvoor<\/td><td align=\"left\">\u00a0<\/td><\/tr><tr><td align=\"center\" valign=\"top\">Reede\u00a0<\/td><td align=\"center\" valign=\"top\">10.aprill 12.00<\/td><td align=\"center\" valign=\"top\"><p>Ansamblimuusikap\u00e4ev Abja Kultuurimajas<\/p><\/td><td align=\"left\">\u00a0<\/td><\/tr><tr><td style=\"text-align: left;\" colspan=\"2\" align=\"center\">\u00a0 \u00a0 \u00a0 \u00a0 \u00a0 \u00a0 \u00a0 \u00a0 \u00a0 \u00a0 \u00a0 \u00a0 \u00a0 \u00a0 \u00a0 \u00a0 \u00a0 \u00a0 \u00a0 \u00a0 \u00a0<\/td><td style=\"text-align: left;\" colspan=\"2\" align=\"center\">\u00a0 \u00a0 \u00a0 \u00a0 \u00a0 \u00a013.aprill-19.aprill kevadvaheaeg\u00a0 \u00a0 \u00a0 \u00a0 \u00a0 \u00a0 \u00a0 \u00a0 \u00a0 \u00a0 \u00a0 \u00a0 \u00a0 \u00a0 \u00a0\u00a0<\/td><\/tr><tr><td style=\"text-align: center;\" colspan=\"4\" align=\"center\">\u00a0<\/td><\/tr><tr><td align=\"center\" valign=\"top\">\u00a0<\/td><td align=\"center\" valign=\"top\">23-24.aprill<\/td><td align=\"center\" valign=\"top\">L\u00f5petajate kava ettem\u00e4ng<\/td><td align=\"left\">\u00a0<\/td><\/tr><tr><td align=\"center\" valign=\"top\">Esmasp\u00e4ev<\/td><td align=\"center\" valign=\"top\">04.mai<\/td><td align=\"center\" valign=\"top\">IV klassi tasemet\u00f6\u00f6 solfed\u017eos<\/td><td align=\"left\">\u00a0<\/td><\/tr><tr><td align=\"center\" valign=\"top\">Teisip\u00e4ev<\/td><td align=\"center\" valign=\"top\">05.mai<\/td><td align=\"center\" valign=\"top\">L\u00f5petajate solfed\u017eoeksam\u00a0<\/td><td align=\"left\">\u00a0<\/td><\/tr><tr><td align=\"center\" valign=\"top\">Esmasp\u00e4ev<\/td><td align=\"center\" valign=\"top\">11.mai<\/td><td align=\"center\" valign=\"top\">7 klassi l\u00f5pueksam p\u00f5hipillil<\/td><td align=\"left\">\u00a0<\/td><\/tr><tr><td align=\"center\" valign=\"top\">Teisip\u00e4ev<\/td><td align=\"center\" valign=\"top\">12.mai<\/td><td align=\"center\" valign=\"top\">I-II klassi \u00fcleminekuarvestus p\u00f5hipillil<\/td><td align=\"left\">\u00a0<\/td><\/tr><tr><td align=\"center\" valign=\"top\">Kolmap\u00e4ev<\/td><td align=\"center\" valign=\"top\">13.mai<\/td><td align=\"center\" valign=\"top\">III-IV klassi \u00fcleminekuarvestus p\u00f5hipillil<\/td><td align=\"left\">\u00a0<\/td><\/tr><tr><td align=\"center\" valign=\"top\">Neljap\u00e4ev<\/td><td align=\"center\" valign=\"top\">14.mai<\/td><td align=\"center\" valign=\"top\">V-VI klassi \u00fcleminekuarvestus p\u00f5hipillil<\/td><td align=\"left\">\u00a0<\/td><\/tr><tr><td align=\"center\" valign=\"top\">Neljap\u00e4ev<\/td><td align=\"center\" valign=\"top\">21.mai<\/td><td align=\"center\" valign=\"top\">\u00d5ppen\u00f5ukogu<\/td><td align=\"left\">\u00a0<\/td><\/tr><tr><td align=\"center\" valign=\"top\">Laup\u00e4ev<\/td><td align=\"center\" valign=\"top\">23.mai<\/td><td align=\"center\" valign=\"top\"><p>k. 12.00- L\u00f5petajate l\u00f5puaktus<\/p><p>k.14.00- Nooremaastme l\u00f5petajate l\u00f5puaktus<\/p><\/td><td align=\"left\">\u00a0<\/td><\/tr><tr><td align=\"center\" valign=\"top\">Teisip\u00e4ev<\/td><td align=\"center\" valign=\"top\">26.mai<\/td><td align=\"center\" valign=\"top\">Muusikakooli \u00f5pilaste kevadkontsert<\/td><td align=\"left\">\u00a0<\/td><\/tr><tr><td align=\"center\" valign=\"top\">Kolmap\u00e4ev<\/td><td align=\"center\" valign=\"top\">27.mai<\/td><td align=\"center\" valign=\"top\">k.15.00-18.00 &#8211; konsultatsioonid uutele sisseastujatele<\/td><td align=\"left\">\u00a0<\/td><\/tr><tr><td align=\"center\" valign=\"top\">Neljap\u00e4ev<\/td><td align=\"center\" valign=\"top\">28.mai<\/td><td align=\"center\" valign=\"top\">K.15.00-18.00 &#8211; Vastuv\u00f5tukatsed muusikakooli<\/td><td align=\"left\">\u00a0<\/td><\/tr><tr><td align=\"center\" valign=\"top\">Reede<\/td><td align=\"center\" valign=\"top\">29.mai<\/td><td align=\"center\" valign=\"top\">k. 15.00-18.00 &#8211; Vastuv\u00f5tukatsed muusikakooli<\/td><td align=\"left\">\u00a0<\/td><\/tr><tr><td colspan=\"2\" align=\"center\">\u00a0<\/td><td colspan=\"2\" align=\"center\">10. juuni-31.august &#8211; Suvevaheaeg<\/td><\/tr><\/tbody><\/table>\t\t\t\t\t\t\t\t<\/div>\n\t\t\t\t<\/div>\n\t\t\t\t\t<\/div>\n\t\t<\/div>\n\t\t\t\t\t<\/div>\n\t\t<\/section>\n\t\t\t\t<\/div>\n\t\t","protected":false},"excerpt":{"rendered":"<p>ABJA MUUSIKAKOOLI T\u00d6\u00d6PLAAN 2025\/2026 II poolaasta II trimester \u00a0 \u00a0 23.veebruar-01.m\u00e4rts &#8211; VAHEAEG \u00a0 Teisip\u00e4ev 03.m\u00e4rts 15.00 Heliredelite arvestus \u00a0 Neljap\u00e4ev \u00a0 \u00d5ppen\u00f5ukogu I klassi \u00f5pilaste kontsert Abja Kultuurimajas \u00a0 \u00a0Reede\u00a0 \u00a006.m\u00e4rts\u00a0 \u00a0EML l\u00f6\u00f6kpillim\u00e4ngijate konkurss\u00a0 \u00a0 \u00a0 \u00a0 \u00a0 \u00a0 \u00a0 \u00a0 \u00a0 \u00a0 \u00a0 \u00a0 \u00a0 \u00a0 \u00a0 \u00a0 \u00a0 \u00a0 III trimester \u00a0 [&hellip;]<\/p>\n","protected":false},"author":2,"featured_media":0,"parent":0,"menu_order":0,"comment_status":"closed","ping_status":"closed","template":"elementor_header_footer","meta":{"footnotes":""},"class_list":["post-461","page","type-page","status-publish","hentry"],"yoast_head":"<!-- This site is optimized with the Yoast SEO plugin v27.3 - https:\/\/yoast.com\/product\/yoast-seo-wordpress\/ -->\n<title>T\u00f6\u00f6plaan - Abja Muusikakool<\/title>\n<meta name=\"robots\" content=\"index, follow, max-snippet:-1, max-image-preview:large, max-video-preview:-1\" \/>\n<link rel=\"canonical\" href=\"https:\/\/huvikoolid.mulgivald.ee\/abja-muusikakool\/tooplaan\/\" \/>\n<meta property=\"og:locale\" content=\"et_EE\" \/>\n<meta property=\"og:type\" content=\"article\" \/>\n<meta property=\"og:title\" content=\"T\u00f6\u00f6plaan - Abja Muusikakool\" \/>\n<meta property=\"og:description\" content=\"ABJA MUUSIKAKOOLI T\u00d6\u00d6PLAAN 2025\/2026 II poolaasta II trimester \u00a0 \u00a0 23.veebruar-01.m\u00e4rts &#8211; VAHEAEG \u00a0 Teisip\u00e4ev 03.m\u00e4rts 15.00 Heliredelite arvestus \u00a0 Neljap\u00e4ev \u00a0 \u00d5ppen\u00f5ukogu I klassi \u00f5pilaste kontsert Abja Kultuurimajas \u00a0 \u00a0Reede\u00a0 \u00a006.m\u00e4rts\u00a0 \u00a0EML l\u00f6\u00f6kpillim\u00e4ngijate konkurss\u00a0 \u00a0 \u00a0 \u00a0 \u00a0 \u00a0 \u00a0 \u00a0 \u00a0 \u00a0 \u00a0 \u00a0 \u00a0 \u00a0 \u00a0 \u00a0 \u00a0 \u00a0 III trimester \u00a0 [&hellip;]\" \/>\n<meta property=\"og:url\" content=\"https:\/\/huvikoolid.mulgivald.ee\/abja-muusikakool\/tooplaan\/\" \/>\n<meta property=\"og:site_name\" content=\"Abja Muusikakool\" \/>\n<meta property=\"article:modified_time\" content=\"2026-03-12T09:01:26+00:00\" \/>\n<meta name=\"twitter:card\" content=\"summary_large_image\" \/>\n<meta name=\"twitter:label1\" content=\"Est. reading time\" \/>\n\t<meta name=\"twitter:data1\" content=\"1 minut\" \/>\n<script type=\"application\/ld+json\" class=\"yoast-schema-graph\">{\"@context\":\"https:\\\/\\\/schema.org\",\"@graph\":[{\"@type\":\"WebPage\",\"@id\":\"https:\\\/\\\/huvikoolid.mulgivald.ee\\\/abja-muusikakool\\\/tooplaan\\\/\",\"url\":\"https:\\\/\\\/huvikoolid.mulgivald.ee\\\/abja-muusikakool\\\/tooplaan\\\/\",\"name\":\"T\u00f6\u00f6plaan - Abja Muusikakool\",\"isPartOf\":{\"@id\":\"https:\\\/\\\/huvikoolid.mulgivald.ee\\\/abja-muusikakool\\\/#website\"},\"datePublished\":\"2023-01-05T13:08:58+00:00\",\"dateModified\":\"2026-03-12T09:01:26+00:00\",\"breadcrumb\":{\"@id\":\"https:\\\/\\\/huvikoolid.mulgivald.ee\\\/abja-muusikakool\\\/tooplaan\\\/#breadcrumb\"},\"inLanguage\":\"et\",\"potentialAction\":[{\"@type\":\"ReadAction\",\"target\":[\"https:\\\/\\\/huvikoolid.mulgivald.ee\\\/abja-muusikakool\\\/tooplaan\\\/\"]}]},{\"@type\":\"BreadcrumbList\",\"@id\":\"https:\\\/\\\/huvikoolid.mulgivald.ee\\\/abja-muusikakool\\\/tooplaan\\\/#breadcrumb\",\"itemListElement\":[{\"@type\":\"ListItem\",\"position\":1,\"name\":\"Home\",\"item\":\"https:\\\/\\\/huvikoolid.mulgivald.ee\\\/abja-muusikakool\\\/\"},{\"@type\":\"ListItem\",\"position\":2,\"name\":\"T\u00f6\u00f6plaan\"}]},{\"@type\":\"WebSite\",\"@id\":\"https:\\\/\\\/huvikoolid.mulgivald.ee\\\/abja-muusikakool\\\/#website\",\"url\":\"https:\\\/\\\/huvikoolid.mulgivald.ee\\\/abja-muusikakool\\\/\",\"name\":\"Mulgi valla huvikoolid\",\"description\":\"Muusikakool Abja-Paluojas\",\"potentialAction\":[{\"@type\":\"SearchAction\",\"target\":{\"@type\":\"EntryPoint\",\"urlTemplate\":\"https:\\\/\\\/huvikoolid.mulgivald.ee\\\/abja-muusikakool\\\/?s={search_term_string}\"},\"query-input\":{\"@type\":\"PropertyValueSpecification\",\"valueRequired\":true,\"valueName\":\"search_term_string\"}}],\"inLanguage\":\"et\"}]}<\/script>\n<!-- \/ Yoast SEO plugin. -->","yoast_head_json":{"title":"T\u00f6\u00f6plaan - Abja Muusikakool","robots":{"index":"index","follow":"follow","max-snippet":"max-snippet:-1","max-image-preview":"max-image-preview:large","max-video-preview":"max-video-preview:-1"},"canonical":"https:\/\/huvikoolid.mulgivald.ee\/abja-muusikakool\/tooplaan\/","og_locale":"et_EE","og_type":"article","og_title":"T\u00f6\u00f6plaan - Abja Muusikakool","og_description":"ABJA MUUSIKAKOOLI T\u00d6\u00d6PLAAN 2025\/2026 II poolaasta II trimester \u00a0 \u00a0 23.veebruar-01.m\u00e4rts &#8211; VAHEAEG \u00a0 Teisip\u00e4ev 03.m\u00e4rts 15.00 Heliredelite arvestus \u00a0 Neljap\u00e4ev \u00a0 \u00d5ppen\u00f5ukogu I klassi \u00f5pilaste kontsert Abja Kultuurimajas \u00a0 \u00a0Reede\u00a0 \u00a006.m\u00e4rts\u00a0 \u00a0EML l\u00f6\u00f6kpillim\u00e4ngijate konkurss\u00a0 \u00a0 \u00a0 \u00a0 \u00a0 \u00a0 \u00a0 \u00a0 \u00a0 \u00a0 \u00a0 \u00a0 \u00a0 \u00a0 \u00a0 \u00a0 \u00a0 \u00a0 III trimester \u00a0 [&hellip;]","og_url":"https:\/\/huvikoolid.mulgivald.ee\/abja-muusikakool\/tooplaan\/","og_site_name":"Abja Muusikakool","article_modified_time":"2026-03-12T09:01:26+00:00","twitter_card":"summary_large_image","twitter_misc":{"Est. reading time":"1 minut"},"schema":{"@context":"https:\/\/schema.org","@graph":[{"@type":"WebPage","@id":"https:\/\/huvikoolid.mulgivald.ee\/abja-muusikakool\/tooplaan\/","url":"https:\/\/huvikoolid.mulgivald.ee\/abja-muusikakool\/tooplaan\/","name":"T\u00f6\u00f6plaan - Abja Muusikakool","isPartOf":{"@id":"https:\/\/huvikoolid.mulgivald.ee\/abja-muusikakool\/#website"},"datePublished":"2023-01-05T13:08:58+00:00","dateModified":"2026-03-12T09:01:26+00:00","breadcrumb":{"@id":"https:\/\/huvikoolid.mulgivald.ee\/abja-muusikakool\/tooplaan\/#breadcrumb"},"inLanguage":"et","potentialAction":[{"@type":"ReadAction","target":["https:\/\/huvikoolid.mulgivald.ee\/abja-muusikakool\/tooplaan\/"]}]},{"@type":"BreadcrumbList","@id":"https:\/\/huvikoolid.mulgivald.ee\/abja-muusikakool\/tooplaan\/#breadcrumb","itemListElement":[{"@type":"ListItem","position":1,"name":"Home","item":"https:\/\/huvikoolid.mulgivald.ee\/abja-muusikakool\/"},{"@type":"ListItem","position":2,"name":"T\u00f6\u00f6plaan"}]},{"@type":"WebSite","@id":"https:\/\/huvikoolid.mulgivald.ee\/abja-muusikakool\/#website","url":"https:\/\/huvikoolid.mulgivald.ee\/abja-muusikakool\/","name":"Mulgi valla huvikoolid","description":"Muusikakool Abja-Paluojas","potentialAction":[{"@type":"SearchAction","target":{"@type":"EntryPoint","urlTemplate":"https:\/\/huvikoolid.mulgivald.ee\/abja-muusikakool\/?s={search_term_string}"},"query-input":{"@type":"PropertyValueSpecification","valueRequired":true,"valueName":"search_term_string"}}],"inLanguage":"et"}]}},"_links":{"self":[{"href":"https:\/\/huvikoolid.mulgivald.ee\/abja-muusikakool\/wp-json\/wp\/v2\/pages\/461","targetHints":{"allow":["GET"]}}],"collection":[{"href":"https:\/\/huvikoolid.mulgivald.ee\/abja-muusikakool\/wp-json\/wp\/v2\/pages"}],"about":[{"href":"https:\/\/huvikoolid.mulgivald.ee\/abja-muusikakool\/wp-json\/wp\/v2\/types\/page"}],"author":[{"embeddable":true,"href":"https:\/\/huvikoolid.mulgivald.ee\/abja-muusikakool\/wp-json\/wp\/v2\/users\/2"}],"replies":[{"embeddable":true,"href":"https:\/\/huvikoolid.mulgivald.ee\/abja-muusikakool\/wp-json\/wp\/v2\/comments?post=461"}],"version-history":[{"count":116,"href":"https:\/\/huvikoolid.mulgivald.ee\/abja-muusikakool\/wp-json\/wp\/v2\/pages\/461\/revisions"}],"predecessor-version":[{"id":2953,"href":"https:\/\/huvikoolid.mulgivald.ee\/abja-muusikakool\/wp-json\/wp\/v2\/pages\/461\/revisions\/2953"}],"wp:attachment":[{"href":"https:\/\/huvikoolid.mulgivald.ee\/abja-muusikakool\/wp-json\/wp\/v2\/media?parent=461"}],"curies":[{"name":"wp","href":"https:\/\/api.w.org\/{rel}","templated":true}]}}