{"id":511,"date":"2023-01-05T13:49:08","date_gmt":"2023-01-05T13:49:08","guid":{"rendered":"https:\/\/huvikoolid.mulgivald.ee\/abja-muusikakool\/?page_id=511"},"modified":"2024-11-20T11:17:24","modified_gmt":"2024-11-20T09:17:24","slug":"koolist","status":"publish","type":"page","link":"https:\/\/huvikoolid.mulgivald.ee\/abja-muusikakool\/koolist\/","title":{"rendered":"Koolist"},"content":{"rendered":"\t\t<div data-elementor-type=\"wp-page\" data-elementor-id=\"511\" class=\"elementor elementor-511\" data-elementor-settings=\"{&quot;ha_cmc_init_switcher&quot;:&quot;no&quot;}\" data-elementor-post-type=\"page\">\n\t\t\t\t\t\t<section class=\"elementor-section elementor-top-section elementor-element elementor-element-54f52de elementor-section-boxed elementor-section-height-default elementor-section-height-default\" data-id=\"54f52de\" data-element_type=\"section\" data-e-type=\"section\" data-settings=\"{&quot;background_background&quot;:&quot;classic&quot;,&quot;jet_parallax_layout_list&quot;:[]}\">\n\t\t\t\t\t\t\t<div class=\"elementor-background-overlay\"><\/div>\n\t\t\t\t\t\t\t<div class=\"elementor-container elementor-column-gap-default\">\n\t\t\t\t\t<div class=\"elementor-column elementor-col-100 elementor-top-column elementor-element elementor-element-c352e3c\" data-id=\"c352e3c\" data-element_type=\"column\" data-e-type=\"column\">\n\t\t\t<div class=\"elementor-widget-wrap elementor-element-populated\">\n\t\t\t\t\t\t<div class=\"elementor-element elementor-element-7b8e97d elementor-invisible elementor-widget elementor-widget-heading\" data-id=\"7b8e97d\" data-element_type=\"widget\" data-e-type=\"widget\" data-settings=\"{&quot;_animation_delay&quot;:&quot;200&quot;,&quot;_animation&quot;:&quot;fadeInUp&quot;}\" data-widget_type=\"heading.default\">\n\t\t\t\t<div class=\"elementor-widget-container\">\n\t\t\t\t\t<h1 class=\"elementor-heading-title elementor-size-default\">L\u00fchi\u00fclevaade koolist<\/h1>\t\t\t\t<\/div>\n\t\t\t\t<\/div>\n\t\t\t\t\t<\/div>\n\t\t<\/div>\n\t\t\t\t\t<\/div>\n\t\t<\/section>\n\t\t\t\t<section class=\"elementor-section elementor-top-section elementor-element elementor-element-fc689c7 elementor-section-boxed elementor-section-height-default elementor-section-height-default\" data-id=\"fc689c7\" data-element_type=\"section\" data-e-type=\"section\" data-settings=\"{&quot;jet_parallax_layout_list&quot;:[]}\">\n\t\t\t\t\t\t<div class=\"elementor-container elementor-column-gap-default\">\n\t\t\t\t\t<div class=\"elementor-column elementor-col-100 elementor-top-column elementor-element elementor-element-d4a4254\" data-id=\"d4a4254\" data-element_type=\"column\" data-e-type=\"column\">\n\t\t\t<div class=\"elementor-widget-wrap elementor-element-populated\">\n\t\t\t\t\t\t<div class=\"elementor-element elementor-element-1ecd979 elementor-widget__width-initial elementor-widget elementor-widget-text-editor\" data-id=\"1ecd979\" data-element_type=\"widget\" data-e-type=\"widget\" data-widget_type=\"text-editor.default\">\n\t\t\t\t<div class=\"elementor-widget-container\">\n\t\t\t\t\t\t\t\t\t<p>Abja Muusikakool avati vastavalt kultuuriministri k\u00e4skkirjale 1.septembril 1961. aastal. Ametlikuks nimetuseks sai Abja Laste-Muusikakool. Varem oli praeguse Viljandi maakonna piirides tegutsenud vaid 1945. aastal t\u00f6\u00f6d alustanud Viljandi Muusikakool.<\/p><p>Esimest \u00f5ppeaastat alustati Abja Kultuurimajas, kus kool praegugi t\u00f6\u00f6tab. \u00d5ppimist alustas 36 klaveri ja 20 akordioni eriala \u00f5pilast. \u00d5ppet\u00f6\u00f6 toimus kahes vahetuses, kasutati nelja ruumi ja ka \u00f5petajaid oli neli. \u00dcks neist, legendaarne muusikapedagoog Kalle Tamra, oli ka kooli esimeseks direktoriks.<\/p><p>Teisel s\u00fcgisel alustas \u00f5ppimist juba 50 klaveri ja 30 akordioni \u00f5pilast, keda \u00f5petasid seitse \u00f5petajat. Seoses Abja rajooni likvideerimisega 1. jaanuarist 1963 tekkis ka suur muutus \u00f5pilaste arvus. Nii oli kevadeks koolis j\u00e4rel vaid 60 \u00f5pilast.<\/p><p>Kolmandat \u00f5ppeaastat alustas kool t\u00f6\u00f6ks kohandatud ruumides Veski t\u00e4nav 1 majas, kus oli varem asunud rajooni s\u00f5jakomissariaat. \u00d5pilasi oli aasta alguses 56, erialadeks endiselt klaver ja akordion.<\/p><p>Neljanda \u00f5ppeaasta s\u00fcgisel v\u00f5eti kooli vastu 37 klaveri- ja 24 akordioni\u00f5pilast. \u00d5petajaid oli kuus. Veebruaris koliti Veski t\u00e4nava maja kapitaalremondi t\u00f5ttu ajutiselt \u201es\u00fcnnikoju\u201c \u2013 Abja Kultuurimajja, kus oli aga nii k\u00fclm, et see h\u00e4iris \u00f5ppet\u00f6\u00f6d.<\/p><p>Neljas aasta on kooli ajaloos t\u00e4htis, kuna l\u00f5petas nelja \u00f5pilasega I lend.<\/p><p>Tol kevadel kuulutati esmakordselt Abja Muusikakooli ajaloos vastuv\u00f5ttu trompeti, klarneti, oboe ja kontrabassi erialale. Kahe viimase vastu k\u00fcll sisseastujatel huvi polnud.<\/p><p>Viiendat \u00f5ppeaastat alustati vastremonditud, koolile kuuluvas majas. \u00d5pilasi oli koolis 60, neist 33 klaveri, 26 akordioni ja \u00fcks klarneti erialal. \u00d5petajaid oli kaheksa.<\/p><p>Kevadel l\u00f5petas teise lennu ridades ka meie oma kauaaegne klaveri\u00f5petaja Olev Raal, kes esimesena kooli ajaloos sai kiituskirja.<\/p><p>Viienda \u00f5ppeaastaga l\u00f5ppes esimene etapp kooli ajaloos. Nimelt v\u00f5ttis Kalle Tamra vastu t\u00f6\u00f6pakkumise Viljandi Muusikakooli direktori ametikohale ja lahkus Abja mailt. Tema poolt oli tugev vundament koolile rajatud ja saabus j\u00e4rgmiste tegijate kord j\u00e4tkata.<\/p><p>Uueks koolijuhiks j\u00e4rgmiseks neljaks aastaks sai Maile Harik( Pebre), kes oli Tallinna Muusikakooli klaveri eriala l\u00f5petamise j\u00e4rel Apja t\u00f6\u00f6le suunatud. \u00d5pilaste arv p\u00fcsis 60-70 piires. Erialadest populaarseim oli ikka klaver, selle j\u00e4rel akordion ning siis klarnet ja trompet. \u00d5petajate arv oli stabiilselt kaheksa. 1970. aasta kevadel suundus Maile Pebre Tallinnasse k\u00f5rgharidust omandama ja koolile tuli leida uus juht.<\/p><p>K\u00e4tte j\u00f5udis Abja Muusikakooli kolmas ajalooetapp (1970 \u2013 1991), mil direktoriks oli kooli avamisest saadik siin \u00f5petajana t\u00f6\u00f6tanud Rosalie Ralja(Kannik). Aastaks 1972 oli muusikahuviliste arv kasvanud 129-ni, neist 38 eelklassi last. Seda oli liiga palju v\u00e4ikese kooli jaoks ja nii otsustati avada Karksi-Nuias muusikakooli filiaal. 1975. aastal sai sellest iseseisev muusikakool.<\/p><p>\u00d5pilaste arvu poolest oli ikka esikohal klaver, teisele kohale j\u00e4i akordion. 1971. aastast hakati Abjas \u00f5petama viiulit, kaks aastat hiljem kitarri. 1977\/78 alustati t\u00f6\u00f6d plokkfl\u00f6\u00f6di- ja fl\u00f6\u00f6di\u00f5pilastega, j\u00e4rgmise \u00f5ppeaasta algusest lisandus \u00fcks l\u00f6\u00f6kpilli\u00f5pilane. 1982. aastal alustati basskitarri \u00f5petamist.<\/p><p>Kevadel 1991 on aastaaruandes m\u00e4rgitud: muusikakooli hoone vajab kapitaalremonti. Sama vajas kool ka sisuliselt.<\/p><p>Neljandal kooli ajalooetapil (1991-2004) juhtis t\u00f6\u00f6d Valdo V\u00e4rk. Ta oli enne direktoriks saamist Abjas \u00f5petajana t\u00f6\u00f6tanud 11 aastat. Ideederohke mehena oli tal olemas oma n\u00e4gemus muusikakooli arengusuundadest.<\/p><p>\u00d5pilaste arv ulatus 62-77 ning t\u00f6\u00f6d jagus 10-13 \u00f5petajale. Erialadest s\u00e4ilisid pika traditsiooniga klaveri- ja akordioni\u00f5petus, j\u00e4tkasid plokkfl\u00f6\u00f6t, fl\u00f6\u00f6t, klarnet, basskitarr ja l\u00f6\u00f6kpillid.<\/p><p>1996. aasta s\u00fcgisest v\u00f5is taas \u00fcle 13 aasta astuda klassikalise kitarri erialale, mille populaarsus on aina kasvanud. Samal aastal v\u00f5eti esmakordselt \u00f5pilasi vastu saksofoni ja laulu erialadele ning levimuusika suund kogus eluj\u00f5udu.<\/p><p>Kolmanda perioodi l\u00f5pus (1991) t\u00f5deti, et Veski t\u00e4nav 1 asuv koolihoone vajab remonti. Seda aga ei saabunudki, kuna omandireformi k\u00e4igus tagastati see hoone seadusj\u00e4rgsele p\u00e4rijale. 1994. aasta suvel sai taas kolitud, n\u00fc\u00fcd juba kolmandat korda, s\u00fcnnikoju \u2013 Abja Kultuurimajja, kus kool praegugi tegutseb.<\/p><p>Viies etapp (2004-2006) algas Abja Vallavolikogu otsusega 1. aprillil 2004, mil liideti Abja Muusikakool ja Abja G\u00fcmnaasium. Kahe kooli direktoriks sai kaks aastat Abjas g\u00fcmnaasiumi juhina t\u00f6\u00f6tanud Arvo Lamp, Valdo V\u00e4rgile pakuti \u00f5ppealajuhataja kohta muusikakoolis. Igap\u00e4evases \u00f5ppet\u00f6\u00f6s ei muutunud midagi, k\u00fcll aga muutus segasemaks kooli juhtimisskeem, milles iga osaline ei saanudki l\u00f5puni oma rollist aru.<\/p><p>2005. aasta s\u00fcgisel poliitiline v\u00f5im Abjas vahetus ja 26. aprillil 2006 v\u00f5eti vastu otsus, mis muusikakooli g\u00fcmnaasiumist taas lahutas. Direktori kohuset\u00e4itjaks m\u00e4\u00e4rati Valdo V\u00e4rk.<\/p><p>2007. aasta s\u00fcgisest juhib Abja Muusikakooli tegevust Heiki Vungi.Abja Muusikakoolis t\u00f6\u00f6tab k\u00e4esoleval ajal 10 \u00f5petajat ja \u00f5pilasi on 74.<\/p>\t\t\t\t\t\t\t\t<\/div>\n\t\t\t\t<\/div>\n\t\t\t\t\t<\/div>\n\t\t<\/div>\n\t\t\t\t\t<\/div>\n\t\t<\/section>\n\t\t\t\t<\/div>\n\t\t","protected":false},"excerpt":{"rendered":"<p>L\u00fchi\u00fclevaade koolist Abja Muusikakool avati vastavalt kultuuriministri k\u00e4skkirjale 1.septembril 1961. aastal. Ametlikuks nimetuseks sai Abja Laste-Muusikakool. Varem oli praeguse Viljandi maakonna piirides tegutsenud vaid 1945. aastal t\u00f6\u00f6d alustanud Viljandi Muusikakool. Esimest \u00f5ppeaastat alustati Abja Kultuurimajas, kus kool praegugi t\u00f6\u00f6tab. \u00d5ppimist alustas 36 klaveri ja 20 akordioni eriala \u00f5pilast. \u00d5ppet\u00f6\u00f6 toimus kahes vahetuses, kasutati nelja ruumi [&hellip;]<\/p>\n","protected":false},"author":2,"featured_media":0,"parent":0,"menu_order":0,"comment_status":"closed","ping_status":"closed","template":"elementor_header_footer","meta":{"footnotes":""},"class_list":["post-511","page","type-page","status-publish","hentry"],"yoast_head":"<!-- This site is optimized with the Yoast SEO plugin v27.3 - https:\/\/yoast.com\/product\/yoast-seo-wordpress\/ -->\n<title>Koolist - Abja Muusikakool<\/title>\n<meta name=\"robots\" content=\"index, follow, max-snippet:-1, max-image-preview:large, max-video-preview:-1\" \/>\n<link rel=\"canonical\" href=\"https:\/\/huvikoolid.mulgivald.ee\/abja-muusikakool\/koolist\/\" \/>\n<meta property=\"og:locale\" content=\"et_EE\" \/>\n<meta property=\"og:type\" content=\"article\" \/>\n<meta property=\"og:title\" content=\"Koolist - Abja Muusikakool\" \/>\n<meta property=\"og:description\" content=\"L\u00fchi\u00fclevaade koolist Abja Muusikakool avati vastavalt kultuuriministri k\u00e4skkirjale 1.septembril 1961. aastal. Ametlikuks nimetuseks sai Abja Laste-Muusikakool. Varem oli praeguse Viljandi maakonna piirides tegutsenud vaid 1945. aastal t\u00f6\u00f6d alustanud Viljandi Muusikakool. Esimest \u00f5ppeaastat alustati Abja Kultuurimajas, kus kool praegugi t\u00f6\u00f6tab. \u00d5ppimist alustas 36 klaveri ja 20 akordioni eriala \u00f5pilast. \u00d5ppet\u00f6\u00f6 toimus kahes vahetuses, kasutati nelja ruumi [&hellip;]\" \/>\n<meta property=\"og:url\" content=\"https:\/\/huvikoolid.mulgivald.ee\/abja-muusikakool\/koolist\/\" \/>\n<meta property=\"og:site_name\" content=\"Abja Muusikakool\" \/>\n<meta property=\"article:modified_time\" content=\"2024-11-20T09:17:24+00:00\" \/>\n<meta name=\"twitter:card\" content=\"summary_large_image\" \/>\n<meta name=\"twitter:label1\" content=\"Est. reading time\" \/>\n\t<meta name=\"twitter:data1\" content=\"3 minutit\" \/>\n<script type=\"application\/ld+json\" class=\"yoast-schema-graph\">{\"@context\":\"https:\\\/\\\/schema.org\",\"@graph\":[{\"@type\":\"WebPage\",\"@id\":\"https:\\\/\\\/huvikoolid.mulgivald.ee\\\/abja-muusikakool\\\/koolist\\\/\",\"url\":\"https:\\\/\\\/huvikoolid.mulgivald.ee\\\/abja-muusikakool\\\/koolist\\\/\",\"name\":\"Koolist - Abja Muusikakool\",\"isPartOf\":{\"@id\":\"https:\\\/\\\/huvikoolid.mulgivald.ee\\\/abja-muusikakool\\\/#website\"},\"datePublished\":\"2023-01-05T13:49:08+00:00\",\"dateModified\":\"2024-11-20T09:17:24+00:00\",\"breadcrumb\":{\"@id\":\"https:\\\/\\\/huvikoolid.mulgivald.ee\\\/abja-muusikakool\\\/koolist\\\/#breadcrumb\"},\"inLanguage\":\"et\",\"potentialAction\":[{\"@type\":\"ReadAction\",\"target\":[\"https:\\\/\\\/huvikoolid.mulgivald.ee\\\/abja-muusikakool\\\/koolist\\\/\"]}]},{\"@type\":\"BreadcrumbList\",\"@id\":\"https:\\\/\\\/huvikoolid.mulgivald.ee\\\/abja-muusikakool\\\/koolist\\\/#breadcrumb\",\"itemListElement\":[{\"@type\":\"ListItem\",\"position\":1,\"name\":\"Home\",\"item\":\"https:\\\/\\\/huvikoolid.mulgivald.ee\\\/abja-muusikakool\\\/\"},{\"@type\":\"ListItem\",\"position\":2,\"name\":\"Koolist\"}]},{\"@type\":\"WebSite\",\"@id\":\"https:\\\/\\\/huvikoolid.mulgivald.ee\\\/abja-muusikakool\\\/#website\",\"url\":\"https:\\\/\\\/huvikoolid.mulgivald.ee\\\/abja-muusikakool\\\/\",\"name\":\"Mulgi valla huvikoolid\",\"description\":\"Muusikakool Abja-Paluojas\",\"potentialAction\":[{\"@type\":\"SearchAction\",\"target\":{\"@type\":\"EntryPoint\",\"urlTemplate\":\"https:\\\/\\\/huvikoolid.mulgivald.ee\\\/abja-muusikakool\\\/?s={search_term_string}\"},\"query-input\":{\"@type\":\"PropertyValueSpecification\",\"valueRequired\":true,\"valueName\":\"search_term_string\"}}],\"inLanguage\":\"et\"}]}<\/script>\n<!-- \/ Yoast SEO plugin. -->","yoast_head_json":{"title":"Koolist - Abja Muusikakool","robots":{"index":"index","follow":"follow","max-snippet":"max-snippet:-1","max-image-preview":"max-image-preview:large","max-video-preview":"max-video-preview:-1"},"canonical":"https:\/\/huvikoolid.mulgivald.ee\/abja-muusikakool\/koolist\/","og_locale":"et_EE","og_type":"article","og_title":"Koolist - Abja Muusikakool","og_description":"L\u00fchi\u00fclevaade koolist Abja Muusikakool avati vastavalt kultuuriministri k\u00e4skkirjale 1.septembril 1961. aastal. Ametlikuks nimetuseks sai Abja Laste-Muusikakool. Varem oli praeguse Viljandi maakonna piirides tegutsenud vaid 1945. aastal t\u00f6\u00f6d alustanud Viljandi Muusikakool. Esimest \u00f5ppeaastat alustati Abja Kultuurimajas, kus kool praegugi t\u00f6\u00f6tab. \u00d5ppimist alustas 36 klaveri ja 20 akordioni eriala \u00f5pilast. \u00d5ppet\u00f6\u00f6 toimus kahes vahetuses, kasutati nelja ruumi [&hellip;]","og_url":"https:\/\/huvikoolid.mulgivald.ee\/abja-muusikakool\/koolist\/","og_site_name":"Abja Muusikakool","article_modified_time":"2024-11-20T09:17:24+00:00","twitter_card":"summary_large_image","twitter_misc":{"Est. reading time":"3 minutit"},"schema":{"@context":"https:\/\/schema.org","@graph":[{"@type":"WebPage","@id":"https:\/\/huvikoolid.mulgivald.ee\/abja-muusikakool\/koolist\/","url":"https:\/\/huvikoolid.mulgivald.ee\/abja-muusikakool\/koolist\/","name":"Koolist - Abja Muusikakool","isPartOf":{"@id":"https:\/\/huvikoolid.mulgivald.ee\/abja-muusikakool\/#website"},"datePublished":"2023-01-05T13:49:08+00:00","dateModified":"2024-11-20T09:17:24+00:00","breadcrumb":{"@id":"https:\/\/huvikoolid.mulgivald.ee\/abja-muusikakool\/koolist\/#breadcrumb"},"inLanguage":"et","potentialAction":[{"@type":"ReadAction","target":["https:\/\/huvikoolid.mulgivald.ee\/abja-muusikakool\/koolist\/"]}]},{"@type":"BreadcrumbList","@id":"https:\/\/huvikoolid.mulgivald.ee\/abja-muusikakool\/koolist\/#breadcrumb","itemListElement":[{"@type":"ListItem","position":1,"name":"Home","item":"https:\/\/huvikoolid.mulgivald.ee\/abja-muusikakool\/"},{"@type":"ListItem","position":2,"name":"Koolist"}]},{"@type":"WebSite","@id":"https:\/\/huvikoolid.mulgivald.ee\/abja-muusikakool\/#website","url":"https:\/\/huvikoolid.mulgivald.ee\/abja-muusikakool\/","name":"Mulgi valla huvikoolid","description":"Muusikakool Abja-Paluojas","potentialAction":[{"@type":"SearchAction","target":{"@type":"EntryPoint","urlTemplate":"https:\/\/huvikoolid.mulgivald.ee\/abja-muusikakool\/?s={search_term_string}"},"query-input":{"@type":"PropertyValueSpecification","valueRequired":true,"valueName":"search_term_string"}}],"inLanguage":"et"}]}},"_links":{"self":[{"href":"https:\/\/huvikoolid.mulgivald.ee\/abja-muusikakool\/wp-json\/wp\/v2\/pages\/511","targetHints":{"allow":["GET"]}}],"collection":[{"href":"https:\/\/huvikoolid.mulgivald.ee\/abja-muusikakool\/wp-json\/wp\/v2\/pages"}],"about":[{"href":"https:\/\/huvikoolid.mulgivald.ee\/abja-muusikakool\/wp-json\/wp\/v2\/types\/page"}],"author":[{"embeddable":true,"href":"https:\/\/huvikoolid.mulgivald.ee\/abja-muusikakool\/wp-json\/wp\/v2\/users\/2"}],"replies":[{"embeddable":true,"href":"https:\/\/huvikoolid.mulgivald.ee\/abja-muusikakool\/wp-json\/wp\/v2\/comments?post=511"}],"version-history":[{"count":17,"href":"https:\/\/huvikoolid.mulgivald.ee\/abja-muusikakool\/wp-json\/wp\/v2\/pages\/511\/revisions"}],"predecessor-version":[{"id":2685,"href":"https:\/\/huvikoolid.mulgivald.ee\/abja-muusikakool\/wp-json\/wp\/v2\/pages\/511\/revisions\/2685"}],"wp:attachment":[{"href":"https:\/\/huvikoolid.mulgivald.ee\/abja-muusikakool\/wp-json\/wp\/v2\/media?parent=511"}],"curies":[{"name":"wp","href":"https:\/\/api.w.org\/{rel}","templated":true}]}}