{"id":1245,"date":"2023-01-17T09:36:33","date_gmt":"2023-01-17T09:36:33","guid":{"rendered":"https:\/\/huvikoolid.mulgivald.ee\/karksi-nuia-muusikakool\/?page_id=1245"},"modified":"2024-11-20T12:31:54","modified_gmt":"2024-11-20T10:31:54","slug":"tooplaan","status":"publish","type":"page","link":"https:\/\/huvikoolid.mulgivald.ee\/karksi-nuia-muusikakool\/tooplaan\/","title":{"rendered":"T\u00f6\u00f6plaan"},"content":{"rendered":"\t\t<div data-elementor-type=\"wp-page\" data-elementor-id=\"1245\" class=\"elementor elementor-1245\" data-elementor-settings=\"{&quot;ha_cmc_init_switcher&quot;:&quot;no&quot;}\" data-elementor-post-type=\"page\">\n\t\t\t\t\t\t<section class=\"elementor-section elementor-top-section elementor-element elementor-element-031baa1 elementor-section-boxed elementor-section-height-default elementor-section-height-default\" data-id=\"031baa1\" data-element_type=\"section\" data-e-type=\"section\" data-settings=\"{&quot;background_background&quot;:&quot;classic&quot;,&quot;jet_parallax_layout_list&quot;:[]}\">\n\t\t\t\t\t\t\t<div class=\"elementor-background-overlay\"><\/div>\n\t\t\t\t\t\t\t<div class=\"elementor-container elementor-column-gap-default\">\n\t\t\t\t\t<div class=\"elementor-column elementor-col-100 elementor-top-column elementor-element elementor-element-81267ba\" data-id=\"81267ba\" data-element_type=\"column\" data-e-type=\"column\">\n\t\t\t<div class=\"elementor-widget-wrap elementor-element-populated\">\n\t\t\t\t\t\t<div class=\"elementor-element elementor-element-7a18c9f elementor-invisible elementor-widget elementor-widget-heading\" data-id=\"7a18c9f\" data-element_type=\"widget\" data-e-type=\"widget\" data-settings=\"{&quot;_animation_delay&quot;:&quot;200&quot;,&quot;_animation&quot;:&quot;fadeInUp&quot;}\" data-widget_type=\"heading.default\">\n\t\t\t\t<div class=\"elementor-widget-container\">\n\t\t\t\t\t<h1 class=\"elementor-heading-title elementor-size-default\">Karksi-Nuia MUUSIKAKOOLI T\u00d6\u00d6PLAAN<\/h1>\t\t\t\t<\/div>\n\t\t\t\t<\/div>\n\t\t\t\t<div class=\"elementor-element elementor-element-aa2418e elementor-invisible elementor-widget elementor-widget-heading\" data-id=\"aa2418e\" data-element_type=\"widget\" data-e-type=\"widget\" data-settings=\"{&quot;_animation_delay&quot;:&quot;200&quot;,&quot;_animation&quot;:&quot;fadeInUp&quot;}\" data-widget_type=\"heading.default\">\n\t\t\t\t<div class=\"elementor-widget-container\">\n\t\t\t\t\t<h1 class=\"elementor-heading-title elementor-size-default\">2022\/2023 \u00f5-a, II poolaasta<\/h1>\t\t\t\t<\/div>\n\t\t\t\t<\/div>\n\t\t\t\t\t<\/div>\n\t\t<\/div>\n\t\t\t\t\t<\/div>\n\t\t<\/section>\n\t\t\t\t<section class=\"elementor-section elementor-top-section elementor-element elementor-element-e3b6b03 elementor-section-boxed elementor-section-height-default elementor-section-height-default\" data-id=\"e3b6b03\" data-element_type=\"section\" data-e-type=\"section\" data-settings=\"{&quot;jet_parallax_layout_list&quot;:[]}\">\n\t\t\t\t\t\t<div class=\"elementor-container elementor-column-gap-default\">\n\t\t\t\t\t<div class=\"elementor-column elementor-col-100 elementor-top-column elementor-element elementor-element-691d996\" data-id=\"691d996\" data-element_type=\"column\" data-e-type=\"column\">\n\t\t\t<div class=\"elementor-widget-wrap elementor-element-populated\">\n\t\t\t\t\t\t<div class=\"elementor-element elementor-element-17fea8a elementor-align-justify elementor-mobile-align-justify elementor-widget elementor-widget-button\" data-id=\"17fea8a\" data-element_type=\"widget\" data-e-type=\"widget\" data-widget_type=\"button.default\">\n\t\t\t\t<div class=\"elementor-widget-container\">\n\t\t\t\t\t\t\t\t\t<div class=\"elementor-button-wrapper\">\n\t\t\t\t\t<a class=\"elementor-button elementor-button-link elementor-size-sm\" href=\"https:\/\/huvikoolid.mulgivald.ee\/karksi-nuia-muusikakool\/wp-content\/uploads\/2023\/01\/KNSK-Pohimaarus.pdf\" target=\"_blank\">\n\t\t\t\t\t\t<span class=\"elementor-button-content-wrapper\">\n\t\t\t\t\t\t\t\t\t<span class=\"elementor-button-text\">Vaata Karksi-Nuia muusikakooli t\u00f6\u00f6plaani<\/span>\n\t\t\t\t\t<\/span>\n\t\t\t\t\t<\/a>\n\t\t\t\t<\/div>\n\t\t\t\t\t\t\t\t<\/div>\n\t\t\t\t<\/div>\n\t\t\t\t<div class=\"elementor-element elementor-element-f8dc910 elementor-widget elementor-widget-text-editor\" data-id=\"f8dc910\" data-element_type=\"widget\" data-e-type=\"widget\" data-widget_type=\"text-editor.default\">\n\t\t\t\t<div class=\"elementor-widget-container\">\n\t\t\t\t\t\t\t\t\t<table border=\"0\" cellspacing=\"0\" cellpadding=\"7\"><tbody><tr><td colspan=\"4\" align=\"center\"><span style=\"color: #000000; font-family: verdana, arial;\"><strong>III veerand<\/strong><\/span><\/td><\/tr><tr><td align=\"center\" valign=\"top\"><span style=\"color: #000000; font-family: verdana, arial;\">14 veebruar<\/span><\/td><td align=\"center\" valign=\"top\"><span style=\"color: #000000; font-family: verdana, arial;\">esmasp\u00e4ev<\/span><\/td><td align=\"center\" valign=\"top\"><span style=\"color: #000000; font-family: verdana, arial;\">15.00<\/span><\/td><td align=\"left\"><span style=\"color: #000000; font-family: verdana, arial;\">Klaveri osakonna hindekontsert<\/span><\/td><\/tr><tr><td align=\"center\" valign=\"top\"><span style=\"color: #000000; font-family: verdana, arial;\">15 veebruar<\/span><\/td><td align=\"center\" valign=\"top\"><span style=\"color: #000000; font-family: verdana, arial;\">teisip\u00e4ev<\/span><\/td><td align=\"center\" valign=\"top\"><span style=\"color: #000000; font-family: verdana, arial;\">15.00<\/span><\/td><td align=\"left\"><span style=\"color: #000000; font-family: verdana, arial;\">Orkestri osakonna hindekontsert<\/span><\/td><\/tr><tr><td align=\"center\" valign=\"top\"><span style=\"color: #000000; font-family: verdana, arial;\">24 veebruar<\/span><\/td><td align=\"center\" valign=\"top\"><span style=\"color: #000000; font-family: verdana, arial;\">neljap\u00e4ev<\/span><\/td><td align=\"center\" valign=\"top\"><span style=\"color: #000000; font-family: verdana, arial;\">11.00<\/span><\/td><td align=\"left\"><span style=\"color: #000000; font-family: verdana, arial;\">EV 104 aktus Abja Kultuurimajas<\/span><\/td><\/tr><tr><td align=\"center\" valign=\"top\"><span style=\"color: #000000; font-family: verdana, arial;\">28 veebruar- 06 m\u00e4rts<\/span><\/td><td align=\"center\" valign=\"top\">\u00a0<\/td><td align=\"center\" valign=\"top\">\u00a0<\/td><td align=\"left\"><span style=\"color: #000000; font-family: verdana, arial;\">Vaheaeg<\/span><\/td><\/tr><tr><td align=\"center\" valign=\"top\"><span style=\"color: #000000; font-family: verdana, arial;\">3-4 m\u00e4rts<\/span><\/td><td align=\"center\" valign=\"top\">\u00a0<\/td><td align=\"center\" valign=\"top\"><span style=\"color: #000000; font-family: verdana, arial;\">15.00<\/span><\/td><td align=\"left\"><span style=\"color: #000000; font-family: verdana, arial;\">Heliredelite arvestus<\/span><\/td><\/tr><tr><td align=\"center\" valign=\"top\"><span style=\"color: #000000; font-family: verdana, arial;\">08 m\u00e4rts<\/span><\/td><td align=\"center\" valign=\"top\"><span style=\"color: #000000; font-family: verdana, arial;\">teisip\u00e4ev<\/span><\/td><td align=\"center\" valign=\"top\"><span style=\"color: #000000; font-family: verdana, arial;\">17.00<\/span><\/td><td align=\"left\"><span style=\"color: #000000; font-family: verdana, arial;\">I klassi \u00f5pilaste kontsert<\/span><\/td><\/tr><tr><td align=\"center\" valign=\"top\"><span style=\"color: #000000; font-family: verdana, arial;\">10 m\u00e4rts<\/span><\/td><td align=\"center\" valign=\"top\"><span style=\"color: #000000; font-family: verdana, arial;\">neljap\u00e4ev<\/span><\/td><td align=\"center\" valign=\"top\"><span style=\"color: #000000; font-family: verdana, arial;\">12.00<\/span><\/td><td align=\"left\"><span style=\"color: #000000; font-family: verdana, arial;\">\u00d5ppen\u00f5ukogu (II trimester)<\/span><\/td><\/tr><tr><td align=\"center\" valign=\"top\"><span style=\"color: #000000; font-family: verdana, arial;\">21 aprill<\/span><\/td><td align=\"center\" valign=\"top\"><span style=\"color: #000000; font-family: verdana, arial;\">neljap\u00e4ev<\/span><\/td><td align=\"center\" valign=\"top\"><span style=\"color: #000000; font-family: verdana, arial;\">17.00<\/span><\/td><td align=\"left\"><span style=\"color: #000000; font-family: verdana, arial;\">L\u00f5petajate kava ettem\u00e4ngimine<\/span><\/td><\/tr><tr><td colspan=\"2\" align=\"center\"><span style=\"color: #000000; font-family: verdana, arial;\"><strong>24.04.2023. \u2013 30.04.2023<\/strong><\/span><\/td><td colspan=\"2\" align=\"center\"><span style=\"color: #000000; font-family: verdana, arial;\"><strong>Vaheaeg<\/strong><\/span><\/td><\/tr><tr><td colspan=\"4\" align=\"center\"><span style=\"color: #000000; font-family: verdana, arial;\"><strong>IV veerand<\/strong><\/span><\/td><\/tr><tr><td align=\"center\" valign=\"top\"><span style=\"color: #000000; font-family: verdana, arial;\">10 mai<\/span><\/td><td align=\"center\" valign=\"top\"><span style=\"color: #000000; font-family: verdana, arial;\">teisip\u00e4ev<\/span><\/td><td align=\"center\" valign=\"top\"><span style=\"color: #000000; font-family: verdana, arial;\">8.00<\/span><\/td><td align=\"left\"><p><span style=\"color: #000000; font-family: verdana, arial;\">Solfed\u017eo l\u00f5pueksam<\/span><\/p><\/td><\/tr><tr><td align=\"center\" valign=\"top\"><span style=\"color: #000000; font-family: verdana, arial;\">11 mai<\/span><\/td><td align=\"center\" valign=\"top\"><span style=\"color: #000000; font-family: verdana, arial;\">kolmap\u00e4ev<\/span><\/td><td align=\"center\" valign=\"top\"><span style=\"color: #000000; font-family: verdana, arial;\">08.00 ja 10.00<\/span><\/td><td align=\"left\"><span style=\"color: #000000; font-family: verdana, arial;\">IV klassi solfed\u017eo tasemet\u00f6\u00f6<\/span><\/td><\/tr><tr><td align=\"center\" valign=\"top\"><span style=\"color: #000000; font-family: verdana, arial;\">16 mai<\/span><\/td><td align=\"center\" valign=\"top\"><span style=\"color: #000000; font-family: verdana, arial;\">esmap\u00e4ev<\/span><\/td><td align=\"center\" valign=\"top\"><span style=\"color: #000000; font-family: verdana, arial;\">10.00<\/span><\/td><td align=\"left\"><span style=\"color: #000000; font-family: verdana, arial;\">ERIALA l\u00f5pueksam<\/span><\/td><\/tr><tr><td align=\"center\" valign=\"top\"><span style=\"color: #000000; font-family: verdana, arial;\">16 mai<\/span><\/td><td align=\"center\" valign=\"top\"><span style=\"color: #000000; font-family: verdana, arial;\">esmasp\u00e4ev<\/span><\/td><td align=\"center\" valign=\"top\"><span style=\"color: #000000; font-family: verdana, arial;\">14.00<\/span><\/td><td align=\"left\"><span style=\"color: #000000; font-family: verdana, arial;\">I-II klassi \u00fcleminekueksam erialas<\/span><\/td><\/tr><tr><td align=\"center\" valign=\"top\"><span style=\"color: #000000; font-family: verdana, arial;\">17 mai<\/span><\/td><td align=\"center\" valign=\"top\"><span style=\"color: #000000; font-family: verdana, arial;\">teisip\u00e4ev<\/span><\/td><td align=\"center\" valign=\"top\"><span style=\"color: #000000; font-family: verdana, arial;\">14.00<\/span><\/td><td align=\"left\"><span style=\"color: #000000; font-family: verdana, arial;\">III-IV klassi \u00fcleminekueksam erialas<\/span><\/td><\/tr><tr><td align=\"center\" valign=\"top\"><span style=\"color: #000000; font-family: verdana, arial;\">18 mai<\/span><\/td><td align=\"center\" valign=\"top\"><span style=\"color: #000000; font-family: verdana, arial;\">kolmap\u00e4ev<\/span><\/td><td align=\"center\" valign=\"top\"><span style=\"color: #000000; font-family: verdana, arial;\">15.00<\/span><\/td><td align=\"left\"><span style=\"color: #000000; font-family: verdana, arial;\">V-VI klassi \u00fcleminekueksam erialas<\/span><\/td><\/tr><tr><td align=\"center\" valign=\"top\"><span style=\"color: #000000; font-family: verdana, arial;\">19 mai<\/span><\/td><td align=\"center\" valign=\"top\"><span style=\"color: #000000; font-family: verdana, arial;\">neljap\u00e4ev<\/span><\/td><td align=\"center\" valign=\"top\"><span style=\"color: #000000; font-family: verdana, arial;\">12.00<\/span><\/td><td align=\"left\"><span style=\"color: #000000; font-family: verdana, arial;\">\u00f5ppen\u00f5ukogu<\/span><\/td><\/tr><tr><td align=\"center\" valign=\"top\"><span style=\"color: #000000; font-family: verdana, arial;\">20 mai<\/span><\/td><td align=\"center\" valign=\"top\"><span style=\"color: #000000; font-family: verdana, arial;\">reede<\/span><\/td><td align=\"center\" valign=\"top\"><span style=\"color: #000000; font-family: verdana, arial;\">17.00<\/span><\/td><td align=\"left\"><span style=\"color: #000000; font-family: verdana, arial;\">\u00d5pilaste kevadkontsert Abja Kultuurimajas.<\/span><\/td><\/tr><tr><td align=\"center\" valign=\"top\"><span style=\"color: #000000; font-family: verdana, arial;\">26 mai<\/span><\/td><td align=\"center\" valign=\"top\"><span style=\"color: #000000; font-family: verdana, arial;\">neljap\u00e4ev<\/span><\/td><td align=\"center\" valign=\"top\"><span style=\"color: #000000; font-family: verdana, arial;\">12.00<\/span><\/td><td align=\"left\"><span style=\"color: #000000; font-family: verdana, arial;\">\u00d5ppen\u00f5ukogu<\/span><\/td><\/tr><tr><td align=\"center\" valign=\"top\"><span style=\"color: #000000; font-family: verdana, arial;\">29 mai<\/span><\/td><td align=\"center\" valign=\"top\"><span style=\"color: #000000; font-family: verdana, arial;\">p\u00fchap\u00e4ev<\/span><\/td><td align=\"center\" valign=\"top\"><span style=\"color: #000000; font-family: verdana, arial;\">12.00<\/span><\/td><td align=\"left\"><span style=\"color: #000000; font-family: verdana, arial;\">7 klassi l\u00f5puaktus<\/span><\/td><\/tr><tr><td align=\"center\" valign=\"top\"><span style=\"color: #000000; font-family: verdana, arial;\">29 mai<\/span><\/td><td align=\"center\" valign=\"top\"><span style=\"color: #000000; font-family: verdana, arial;\">p\u00fchap\u00e4ev<\/span><\/td><td align=\"center\" valign=\"top\"><span style=\"color: #000000; font-family: verdana, arial;\">14.00<\/span><\/td><td align=\"left\"><span style=\"color: #000000; font-family: verdana, arial;\">4 klassi l\u00f5puaktus<\/span><\/td><\/tr><tr><td align=\"center\" valign=\"top\"><span style=\"color: #000000; font-family: verdana, arial;\">31 mai<\/span><\/td><td align=\"center\" valign=\"top\"><span style=\"color: #000000; font-family: verdana, arial;\">teisip\u00e4ev<\/span><\/td><td align=\"center\" valign=\"top\"><span style=\"color: #000000; font-family: verdana, arial;\">15.00-18.00<\/span><\/td><td align=\"left\"><span style=\"color: #000000; font-family: verdana, arial;\">Konsultatsioon uutele \u00f5pilastele Abja Muusikakoolis.<\/span><\/td><\/tr><tr><td align=\"center\" valign=\"top\"><span style=\"color: #000000; font-family: verdana, arial;\">02 juuni<\/span><\/td><td align=\"center\" valign=\"top\"><span style=\"color: #000000; font-family: verdana, arial;\">neljap\u00e4ev<\/span><\/td><td align=\"center\" valign=\"top\"><span style=\"color: #000000; font-family: verdana, arial;\">15.00-18.00<\/span><\/td><td align=\"left\"><span style=\"color: #000000; font-family: verdana, arial;\">Vastuv\u00f5tukatsed uutele \u00f5pilastele Abja Muusikakoolis.<\/span><\/td><\/tr><tr><td colspan=\"2\" align=\"center\"><span style=\"color: #000000; font-family: verdana, arial;\"><strong>14.06.2023. \u2013 31.08.2023.<\/strong><\/span><\/td><td colspan=\"2\" align=\"center\"><span style=\"color: #000000; font-family: verdana, arial;\"><strong>Vaheaeg<\/strong><\/span><\/td><\/tr><\/tbody><\/table>\t\t\t\t\t\t\t\t<\/div>\n\t\t\t\t<\/div>\n\t\t\t\t\t<\/div>\n\t\t<\/div>\n\t\t\t\t\t<\/div>\n\t\t<\/section>\n\t\t\t\t<\/div>\n\t\t","protected":false},"excerpt":{"rendered":"<p>Karksi-Nuia MUUSIKAKOOLI T\u00d6\u00d6PLAAN 2022\/2023 \u00f5-a, II poolaasta Vaata Karksi-Nuia muusikakooli t\u00f6\u00f6plaani III veerand 14 veebruar esmasp\u00e4ev 15.00 Klaveri osakonna hindekontsert 15 veebruar teisip\u00e4ev 15.00 Orkestri osakonna hindekontsert 24 veebruar neljap\u00e4ev 11.00 EV 104 aktus Abja Kultuurimajas 28 veebruar- 06 m\u00e4rts \u00a0 \u00a0 Vaheaeg 3-4 m\u00e4rts \u00a0 15.00 Heliredelite arvestus 08 m\u00e4rts teisip\u00e4ev 17.00 I klassi [&hellip;]<\/p>\n","protected":false},"author":2,"featured_media":0,"parent":0,"menu_order":0,"comment_status":"closed","ping_status":"closed","template":"elementor_header_footer","meta":{"footnotes":""},"class_list":["post-1245","page","type-page","status-publish","hentry"],"yoast_head":"<!-- This site is optimized with the Yoast SEO plugin v27.3 - https:\/\/yoast.com\/product\/yoast-seo-wordpress\/ -->\n<title>T\u00f6\u00f6plaan - Karksi-Nuia Muusikakool<\/title>\n<meta name=\"robots\" content=\"index, follow, max-snippet:-1, max-image-preview:large, max-video-preview:-1\" \/>\n<link rel=\"canonical\" href=\"https:\/\/huvikoolid.mulgivald.ee\/karksi-nuia-muusikakool\/tooplaan\/\" \/>\n<meta property=\"og:locale\" content=\"en_US\" \/>\n<meta property=\"og:type\" content=\"article\" \/>\n<meta property=\"og:title\" content=\"T\u00f6\u00f6plaan - Karksi-Nuia Muusikakool\" \/>\n<meta property=\"og:description\" content=\"Karksi-Nuia MUUSIKAKOOLI T\u00d6\u00d6PLAAN 2022\/2023 \u00f5-a, II poolaasta Vaata Karksi-Nuia muusikakooli t\u00f6\u00f6plaani III veerand 14 veebruar esmasp\u00e4ev 15.00 Klaveri osakonna hindekontsert 15 veebruar teisip\u00e4ev 15.00 Orkestri osakonna hindekontsert 24 veebruar neljap\u00e4ev 11.00 EV 104 aktus Abja Kultuurimajas 28 veebruar- 06 m\u00e4rts \u00a0 \u00a0 Vaheaeg 3-4 m\u00e4rts \u00a0 15.00 Heliredelite arvestus 08 m\u00e4rts teisip\u00e4ev 17.00 I klassi [&hellip;]\" \/>\n<meta property=\"og:url\" content=\"https:\/\/huvikoolid.mulgivald.ee\/karksi-nuia-muusikakool\/tooplaan\/\" \/>\n<meta property=\"og:site_name\" content=\"Karksi-Nuia Muusikakool\" \/>\n<meta property=\"article:modified_time\" content=\"2024-11-20T10:31:54+00:00\" \/>\n<meta name=\"twitter:card\" content=\"summary_large_image\" \/>\n<meta name=\"twitter:label1\" content=\"Est. reading time\" \/>\n\t<meta name=\"twitter:data1\" content=\"1 minute\" \/>\n<script type=\"application\/ld+json\" class=\"yoast-schema-graph\">{\"@context\":\"https:\\\/\\\/schema.org\",\"@graph\":[{\"@type\":\"WebPage\",\"@id\":\"https:\\\/\\\/huvikoolid.mulgivald.ee\\\/karksi-nuia-muusikakool\\\/tooplaan\\\/\",\"url\":\"https:\\\/\\\/huvikoolid.mulgivald.ee\\\/karksi-nuia-muusikakool\\\/tooplaan\\\/\",\"name\":\"T\u00f6\u00f6plaan - Karksi-Nuia Muusikakool\",\"isPartOf\":{\"@id\":\"https:\\\/\\\/huvikoolid.mulgivald.ee\\\/karksi-nuia-muusikakool\\\/#website\"},\"datePublished\":\"2023-01-17T09:36:33+00:00\",\"dateModified\":\"2024-11-20T10:31:54+00:00\",\"breadcrumb\":{\"@id\":\"https:\\\/\\\/huvikoolid.mulgivald.ee\\\/karksi-nuia-muusikakool\\\/tooplaan\\\/#breadcrumb\"},\"inLanguage\":\"en\",\"potentialAction\":[{\"@type\":\"ReadAction\",\"target\":[\"https:\\\/\\\/huvikoolid.mulgivald.ee\\\/karksi-nuia-muusikakool\\\/tooplaan\\\/\"]}]},{\"@type\":\"BreadcrumbList\",\"@id\":\"https:\\\/\\\/huvikoolid.mulgivald.ee\\\/karksi-nuia-muusikakool\\\/tooplaan\\\/#breadcrumb\",\"itemListElement\":[{\"@type\":\"ListItem\",\"position\":1,\"name\":\"Home\",\"item\":\"https:\\\/\\\/huvikoolid.mulgivald.ee\\\/karksi-nuia-muusikakool\\\/\"},{\"@type\":\"ListItem\",\"position\":2,\"name\":\"T\u00f6\u00f6plaan\"}]},{\"@type\":\"WebSite\",\"@id\":\"https:\\\/\\\/huvikoolid.mulgivald.ee\\\/karksi-nuia-muusikakool\\\/#website\",\"url\":\"https:\\\/\\\/huvikoolid.mulgivald.ee\\\/karksi-nuia-muusikakool\\\/\",\"name\":\"Mulgi valla huvikoolid\",\"description\":\"Muusikakool Karks-Nuias\",\"potentialAction\":[{\"@type\":\"SearchAction\",\"target\":{\"@type\":\"EntryPoint\",\"urlTemplate\":\"https:\\\/\\\/huvikoolid.mulgivald.ee\\\/karksi-nuia-muusikakool\\\/?s={search_term_string}\"},\"query-input\":{\"@type\":\"PropertyValueSpecification\",\"valueRequired\":true,\"valueName\":\"search_term_string\"}}],\"inLanguage\":\"en\"}]}<\/script>\n<!-- \/ Yoast SEO plugin. -->","yoast_head_json":{"title":"T\u00f6\u00f6plaan - Karksi-Nuia Muusikakool","robots":{"index":"index","follow":"follow","max-snippet":"max-snippet:-1","max-image-preview":"max-image-preview:large","max-video-preview":"max-video-preview:-1"},"canonical":"https:\/\/huvikoolid.mulgivald.ee\/karksi-nuia-muusikakool\/tooplaan\/","og_locale":"en_US","og_type":"article","og_title":"T\u00f6\u00f6plaan - Karksi-Nuia Muusikakool","og_description":"Karksi-Nuia MUUSIKAKOOLI T\u00d6\u00d6PLAAN 2022\/2023 \u00f5-a, II poolaasta Vaata Karksi-Nuia muusikakooli t\u00f6\u00f6plaani III veerand 14 veebruar esmasp\u00e4ev 15.00 Klaveri osakonna hindekontsert 15 veebruar teisip\u00e4ev 15.00 Orkestri osakonna hindekontsert 24 veebruar neljap\u00e4ev 11.00 EV 104 aktus Abja Kultuurimajas 28 veebruar- 06 m\u00e4rts \u00a0 \u00a0 Vaheaeg 3-4 m\u00e4rts \u00a0 15.00 Heliredelite arvestus 08 m\u00e4rts teisip\u00e4ev 17.00 I klassi [&hellip;]","og_url":"https:\/\/huvikoolid.mulgivald.ee\/karksi-nuia-muusikakool\/tooplaan\/","og_site_name":"Karksi-Nuia Muusikakool","article_modified_time":"2024-11-20T10:31:54+00:00","twitter_card":"summary_large_image","twitter_misc":{"Est. reading time":"1 minute"},"schema":{"@context":"https:\/\/schema.org","@graph":[{"@type":"WebPage","@id":"https:\/\/huvikoolid.mulgivald.ee\/karksi-nuia-muusikakool\/tooplaan\/","url":"https:\/\/huvikoolid.mulgivald.ee\/karksi-nuia-muusikakool\/tooplaan\/","name":"T\u00f6\u00f6plaan - Karksi-Nuia Muusikakool","isPartOf":{"@id":"https:\/\/huvikoolid.mulgivald.ee\/karksi-nuia-muusikakool\/#website"},"datePublished":"2023-01-17T09:36:33+00:00","dateModified":"2024-11-20T10:31:54+00:00","breadcrumb":{"@id":"https:\/\/huvikoolid.mulgivald.ee\/karksi-nuia-muusikakool\/tooplaan\/#breadcrumb"},"inLanguage":"en","potentialAction":[{"@type":"ReadAction","target":["https:\/\/huvikoolid.mulgivald.ee\/karksi-nuia-muusikakool\/tooplaan\/"]}]},{"@type":"BreadcrumbList","@id":"https:\/\/huvikoolid.mulgivald.ee\/karksi-nuia-muusikakool\/tooplaan\/#breadcrumb","itemListElement":[{"@type":"ListItem","position":1,"name":"Home","item":"https:\/\/huvikoolid.mulgivald.ee\/karksi-nuia-muusikakool\/"},{"@type":"ListItem","position":2,"name":"T\u00f6\u00f6plaan"}]},{"@type":"WebSite","@id":"https:\/\/huvikoolid.mulgivald.ee\/karksi-nuia-muusikakool\/#website","url":"https:\/\/huvikoolid.mulgivald.ee\/karksi-nuia-muusikakool\/","name":"Mulgi valla huvikoolid","description":"Muusikakool Karks-Nuias","potentialAction":[{"@type":"SearchAction","target":{"@type":"EntryPoint","urlTemplate":"https:\/\/huvikoolid.mulgivald.ee\/karksi-nuia-muusikakool\/?s={search_term_string}"},"query-input":{"@type":"PropertyValueSpecification","valueRequired":true,"valueName":"search_term_string"}}],"inLanguage":"en"}]}},"_links":{"self":[{"href":"https:\/\/huvikoolid.mulgivald.ee\/karksi-nuia-muusikakool\/wp-json\/wp\/v2\/pages\/1245","targetHints":{"allow":["GET"]}}],"collection":[{"href":"https:\/\/huvikoolid.mulgivald.ee\/karksi-nuia-muusikakool\/wp-json\/wp\/v2\/pages"}],"about":[{"href":"https:\/\/huvikoolid.mulgivald.ee\/karksi-nuia-muusikakool\/wp-json\/wp\/v2\/types\/page"}],"author":[{"embeddable":true,"href":"https:\/\/huvikoolid.mulgivald.ee\/karksi-nuia-muusikakool\/wp-json\/wp\/v2\/users\/2"}],"replies":[{"embeddable":true,"href":"https:\/\/huvikoolid.mulgivald.ee\/karksi-nuia-muusikakool\/wp-json\/wp\/v2\/comments?post=1245"}],"version-history":[{"count":11,"href":"https:\/\/huvikoolid.mulgivald.ee\/karksi-nuia-muusikakool\/wp-json\/wp\/v2\/pages\/1245\/revisions"}],"predecessor-version":[{"id":2619,"href":"https:\/\/huvikoolid.mulgivald.ee\/karksi-nuia-muusikakool\/wp-json\/wp\/v2\/pages\/1245\/revisions\/2619"}],"wp:attachment":[{"href":"https:\/\/huvikoolid.mulgivald.ee\/karksi-nuia-muusikakool\/wp-json\/wp\/v2\/media?parent=1245"}],"curies":[{"name":"wp","href":"https:\/\/api.w.org\/{rel}","templated":true}]}}